{"id":3816,"date":"2024-05-21T13:06:24","date_gmt":"2024-05-21T11:06:24","guid":{"rendered":"https:\/\/areaalzheimer.fpmaragall.org\/home\/"},"modified":"2026-01-29T19:17:59","modified_gmt":"2026-01-29T18:17:59","slug":"home","status":"publish","type":"page","link":"https:\/\/areaalzheimer.fpmaragall.org\/ca\/","title":{"rendered":"HOME"},"content":{"rendered":"\n<div class=\"fpm-que-ofrece-block\" role=\"region\" aria-labelledby=\"que-ofrece-title\">\n    <h2 id=\"que-ofrece-title\">Qu\u00e8 ofereix aquest espai?<\/h2>\n    <div class=\"fpm-que-ofrece-grid\">\n                    <article class=\"fpm-que-ofrece-item\">\n                <div class=\"fpm-que-ofrece-icon\" aria-hidden=\"true\">\n                    <svg width=\"54\" height=\"54\" viewBox=\"0 0 54 54\" fill=\"none\" xmlns=\"http:\/\/www.w3.org\/2000\/svg\">\n<g filter=\"url(#filter0_dd_7172_13903)\">\n<rect x=\"3\" y=\"2\" width=\"48\" height=\"48\" rx=\"4\" fill=\"white\"\/>\n<path d=\"M27 30V26M27 22H27.01M37 26C37 31.5228 32.5228 36 27 36C21.4772 36 17 31.5228 17 26C17 20.4772 21.4772 16 27 16C32.5228 16 37 20.4772 37 26Z\" stroke=\"#74B320\" stroke-width=\"2\" stroke-linecap=\"round\" stroke-linejoin=\"round\"\/>\n<\/g>\n<defs>\n<filter id=\"filter0_dd_7172_13903\" x=\"0\" y=\"0\" width=\"54\" height=\"54\" filterUnits=\"userSpaceOnUse\" color-interpolation-filters=\"sRGB\">\n<feFlood flood-opacity=\"0\" result=\"BackgroundImageFix\"\/>\n<feColorMatrix in=\"SourceAlpha\" type=\"matrix\" values=\"0 0 0 0 0 0 0 0 0 0 0 0 0 0 0 0 0 0 127 0\" result=\"hardAlpha\"\/>\n<feOffset dy=\"1\"\/>\n<feGaussianBlur stdDeviation=\"1\"\/>\n<feColorMatrix type=\"matrix\" values=\"0 0 0 0 0.0627451 0 0 0 0 0.0941176 0 0 0 0 0.156863 0 0 0 0.06 0\"\/>\n<feBlend mode=\"normal\" in2=\"BackgroundImageFix\" result=\"effect1_dropShadow_7172_13903\"\/>\n<feColorMatrix in=\"SourceAlpha\" type=\"matrix\" values=\"0 0 0 0 0 0 0 0 0 0 0 0 0 0 0 0 0 0 127 0\" result=\"hardAlpha\"\/>\n<feOffset dy=\"1\"\/>\n<feGaussianBlur stdDeviation=\"1.5\"\/>\n<feColorMatrix type=\"matrix\" values=\"0 0 0 0 0.0627451 0 0 0 0 0.0941176 0 0 0 0 0.156863 0 0 0 0.1 0\"\/>\n<feBlend mode=\"normal\" in2=\"effect1_dropShadow_7172_13903\" result=\"effect2_dropShadow_7172_13903\"\/>\n<feBlend mode=\"normal\" in=\"SourceGraphic\" in2=\"effect2_dropShadow_7172_13903\" result=\"shape\"\/>\n<\/filter>\n<\/defs>\n<\/svg>                <\/div>\n                <h3>Informaci\u00f3<\/h3>\n                <p>Coneix millor la malaltia d\u2019Alzheimer i les cures.<\/p>\n                <a href=\"\/ca\/noticias\/\" \n                   class=\"fpm-que-ofrece-link\"\n                   aria-label=\"Llegir m\u00e9s sobre Informaci\u00f3\">\n                    Llegir m\u00e9s                <\/a>\n            <\/article>\n                    <article class=\"fpm-que-ofrece-item\">\n                <div class=\"fpm-que-ofrece-icon\" aria-hidden=\"true\">\n                    <svg width=\"54\" height=\"54\" viewBox=\"0 0 54 54\" fill=\"none\" xmlns=\"http:\/\/www.w3.org\/2000\/svg\">\n<g filter=\"url(#filter0_dd_7172_24582)\">\n<rect x=\"3\" y=\"2\" width=\"48\" height=\"48\" rx=\"4\" fill=\"white\"\/>\n<path d=\"M32 35V33C32 31.9391 31.5786 30.9217 30.8284 30.1716C30.0783 29.4214 29.0609 29 28 29H20C18.9391 29 17.9217 29.4214 17.1716 30.1716C16.4214 30.9217 16 31.9391 16 33V35M38 35V33C37.9993 32.1137 37.7044 31.2528 37.1614 30.5523C36.6184 29.8519 35.8581 29.3516 35 29.13M31 17.13C31.8604 17.3503 32.623 17.8507 33.1676 18.5523C33.7122 19.2539 34.0078 20.1168 34.0078 21.005C34.0078 21.8932 33.7122 22.7561 33.1676 23.4577C32.623 24.1593 31.8604 24.6597 31 24.88M28 21C28 23.2091 26.2091 25 24 25C21.7909 25 20 23.2091 20 21C20 18.7909 21.7909 17 24 17C26.2091 17 28 18.7909 28 21Z\" stroke=\"#74B320\" stroke-width=\"2\" stroke-linecap=\"round\" stroke-linejoin=\"round\"\/>\n<\/g>\n<defs>\n<filter id=\"filter0_dd_7172_24582\" x=\"0\" y=\"0\" width=\"54\" height=\"54\" filterUnits=\"userSpaceOnUse\" color-interpolation-filters=\"sRGB\">\n<feFlood flood-opacity=\"0\" result=\"BackgroundImageFix\"\/>\n<feColorMatrix in=\"SourceAlpha\" type=\"matrix\" values=\"0 0 0 0 0 0 0 0 0 0 0 0 0 0 0 0 0 0 127 0\" result=\"hardAlpha\"\/>\n<feOffset dy=\"1\"\/>\n<feGaussianBlur stdDeviation=\"1\"\/>\n<feColorMatrix type=\"matrix\" values=\"0 0 0 0 0.0627451 0 0 0 0 0.0941176 0 0 0 0 0.156863 0 0 0 0.06 0\"\/>\n<feBlend mode=\"normal\" in2=\"BackgroundImageFix\" result=\"effect1_dropShadow_7172_24582\"\/>\n<feColorMatrix in=\"SourceAlpha\" type=\"matrix\" values=\"0 0 0 0 0 0 0 0 0 0 0 0 0 0 0 0 0 0 127 0\" result=\"hardAlpha\"\/>\n<feOffset dy=\"1\"\/>\n<feGaussianBlur stdDeviation=\"1.5\"\/>\n<feColorMatrix type=\"matrix\" values=\"0 0 0 0 0.0627451 0 0 0 0 0.0941176 0 0 0 0 0.156863 0 0 0 0.1 0\"\/>\n<feBlend mode=\"normal\" in2=\"effect1_dropShadow_7172_24582\" result=\"effect2_dropShadow_7172_24582\"\/>\n<feBlend mode=\"normal\" in=\"SourceGraphic\" in2=\"effect2_dropShadow_7172_24582\" result=\"shape\"\/>\n<\/filter>\n<\/defs>\n<\/svg>\n                <\/div>\n                <h3>Comunitat<\/h3>\n                <p>Comparteix coneixements i experi\u00e8ncies amb altres persones afectades per l\u2019Alzheimer.<\/p>\n                <a href=\"\/ca\/comunidad\/\" \n                   class=\"fpm-que-ofrece-link\"\n                   aria-label=\"Llegir m\u00e9s sobre Comunitat\">\n                    Llegir m\u00e9s                <\/a>\n            <\/article>\n                    <article class=\"fpm-que-ofrece-item\">\n                <div class=\"fpm-que-ofrece-icon\" aria-hidden=\"true\">\n                    <svg width=\"54\" height=\"54\" viewBox=\"0 0 54 54\" fill=\"none\" xmlns=\"http:\/\/www.w3.org\/2000\/svg\">\n<g filter=\"url(#filter0_dd_7172_24579)\">\n<rect x=\"3\" y=\"2\" width=\"48\" height=\"48\" rx=\"4\" fill=\"white\"\/>\n<path d=\"M27 17L16 23L20 25.18V31.18L27 35L34 31.18V25.18L36 24.09V31H38V23L27 17ZM33.82 23L27 26.72L20.18 23L27 19.28L33.82 23ZM32 29.99L27 32.72L22 29.99V26.27L27 29L32 26.27V29.99Z\" fill=\"#82BB36\"\/>\n<\/g>\n<defs>\n<filter id=\"filter0_dd_7172_24579\" x=\"0\" y=\"0\" width=\"54\" height=\"54\" filterUnits=\"userSpaceOnUse\" color-interpolation-filters=\"sRGB\">\n<feFlood flood-opacity=\"0\" result=\"BackgroundImageFix\"\/>\n<feColorMatrix in=\"SourceAlpha\" type=\"matrix\" values=\"0 0 0 0 0 0 0 0 0 0 0 0 0 0 0 0 0 0 127 0\" result=\"hardAlpha\"\/>\n<feOffset dy=\"1\"\/>\n<feGaussianBlur stdDeviation=\"1\"\/>\n<feColorMatrix type=\"matrix\" values=\"0 0 0 0 0.0627451 0 0 0 0 0.0941176 0 0 0 0 0.156863 0 0 0 0.06 0\"\/>\n<feBlend mode=\"normal\" in2=\"BackgroundImageFix\" result=\"effect1_dropShadow_7172_24579\"\/>\n<feColorMatrix in=\"SourceAlpha\" type=\"matrix\" values=\"0 0 0 0 0 0 0 0 0 0 0 0 0 0 0 0 0 0 127 0\" result=\"hardAlpha\"\/>\n<feOffset dy=\"1\"\/>\n<feGaussianBlur stdDeviation=\"1.5\"\/>\n<feColorMatrix type=\"matrix\" values=\"0 0 0 0 0.0627451 0 0 0 0 0.0941176 0 0 0 0 0.156863 0 0 0 0.1 0\"\/>\n<feBlend mode=\"normal\" in2=\"effect1_dropShadow_7172_24579\" result=\"effect2_dropShadow_7172_24579\"\/>\n<feBlend mode=\"normal\" in=\"SourceGraphic\" in2=\"effect2_dropShadow_7172_24579\" result=\"shape\"\/>\n<\/filter>\n<\/defs>\n<\/svg>\n                <\/div>\n                <h3>Formaci\u00f3 i acompanyament<\/h3>\n                <p>Inscriu-te a les nostres activitats de suport i acompanyament.\r\n<\/p>\n                <a href=\"\/ca\/espacio-de-acompanamiento\/\" \n                   class=\"fpm-que-ofrece-link\"\n                   aria-label=\"Llegir m\u00e9s sobre Formaci\u00f3 i acompanyament\">\n                    Llegir m\u00e9s                <\/a>\n            <\/article>\n                    <article class=\"fpm-que-ofrece-item\">\n                <div class=\"fpm-que-ofrece-icon\" aria-hidden=\"true\">\n                    <svg width=\"54\" height=\"54\" viewBox=\"0 0 54 54\" fill=\"none\" xmlns=\"http:\/\/www.w3.org\/2000\/svg\">\n<g filter=\"url(#filter0_dd_7172_24585)\">\n<rect x=\"3\" y=\"2\" width=\"48\" height=\"48\" rx=\"4\" fill=\"white\"\/>\n<path d=\"M22 33.3605C20.9 33.3605 20 34.2605 20 35.3605H34C34 34.2605 33.1 33.3605 32 33.3605H28V31.3605H31C32.1 31.3605 33 30.4605 33 29.3605H25C23.34 29.3605 22 28.0205 22 26.3605C22 25.2705 22.59 24.3205 23.46 23.8005C23.17 23.3905 23 22.9005 23 22.3605C23 22.1505 23.04 21.9405 23.09 21.7405C21.28 22.4905 20 24.2805 20 26.3605C20 29.1205 22.24 31.3605 25 31.3605V33.3605H22Z\" fill=\"#74B320\"\/>\n<path d=\"M25.56 19.8705C26.91 19.9005 28 21.0005 28 22.3605C28 23.1105 27.67 23.7705 27.15 24.2305L27.4 24.9105C27.59 25.4305 28.16 25.7005 28.68 25.5105C28.87 26.0305 29.44 26.3005 29.96 26.1105C30.48 25.9205 30.75 25.3505 30.56 24.8305C31.08 24.6405 31.35 24.0705 31.16 23.5505L29.1 17.9005C28.91 17.3805 28.34 17.1105 27.82 17.3005C27.63 16.7805 27.06 16.5105 26.54 16.7005C26.02 16.8905 25.75 17.4605 25.94 17.9805C25.42 18.1705 25.15 18.7405 25.34 19.2605L25.56 19.8705Z\" fill=\"#74B320\"\/>\n<path d=\"M25.5 23.8605C26.3284 23.8605 27 23.1889 27 22.3605C27 21.5321 26.3284 20.8605 25.5 20.8605C24.6716 20.8605 24 21.5321 24 22.3605C24 23.1889 24.6716 23.8605 25.5 23.8605Z\" fill=\"#74B320\"\/>\n<\/g>\n<defs>\n<filter id=\"filter0_dd_7172_24585\" x=\"0\" y=\"0\" width=\"54\" height=\"54\" filterUnits=\"userSpaceOnUse\" color-interpolation-filters=\"sRGB\">\n<feFlood flood-opacity=\"0\" result=\"BackgroundImageFix\"\/>\n<feColorMatrix in=\"SourceAlpha\" type=\"matrix\" values=\"0 0 0 0 0 0 0 0 0 0 0 0 0 0 0 0 0 0 127 0\" result=\"hardAlpha\"\/>\n<feOffset dy=\"1\"\/>\n<feGaussianBlur stdDeviation=\"1\"\/>\n<feColorMatrix type=\"matrix\" values=\"0 0 0 0 0.0627451 0 0 0 0 0.0941176 0 0 0 0 0.156863 0 0 0 0.06 0\"\/>\n<feBlend mode=\"normal\" in2=\"BackgroundImageFix\" result=\"effect1_dropShadow_7172_24585\"\/>\n<feColorMatrix in=\"SourceAlpha\" type=\"matrix\" values=\"0 0 0 0 0 0 0 0 0 0 0 0 0 0 0 0 0 0 127 0\" result=\"hardAlpha\"\/>\n<feOffset dy=\"1\"\/>\n<feGaussianBlur stdDeviation=\"1.5\"\/>\n<feColorMatrix type=\"matrix\" values=\"0 0 0 0 0.0627451 0 0 0 0 0.0941176 0 0 0 0 0.156863 0 0 0 0.1 0\"\/>\n<feBlend mode=\"normal\" in2=\"effect1_dropShadow_7172_24585\" result=\"effect2_dropShadow_7172_24585\"\/>\n<feBlend mode=\"normal\" in=\"SourceGraphic\" in2=\"effect2_dropShadow_7172_24585\" result=\"shape\"\/>\n<\/filter>\n<\/defs>\n<\/svg>\n                <\/div>\n                <h3>Investigaci\u00f3<\/h3>\n                <p> Consulta i participa en els estudis de recerca social de la Fundaci\u00f3 Pasqual Maragall.<\/p>\n                <a href=\"\/ca\/investigacion-divulgacion\/\" \n                   class=\"fpm-que-ofrece-link\"\n                   aria-label=\"Llegir m\u00e9s sobre Investigaci\u00f3\">\n                    Llegir m\u00e9s                <\/a>\n            <\/article>\n            <\/div>\n<\/div>\n\n<div class=\"wp-block-fpm-smartbrain-access-button\"><\/div>\n\n\n<div class=\"wp-block-group\"><div class=\"wp-block-group__inner-container is-layout-constrained wp-block-group-is-layout-constrained\"><\/div><\/div><\/div>\n<div class=\"fpm-news-black-fullwidth-wrapper\" role=\"region\" aria-label=\"Not\u00edcies recents\">\n<div class=\"fpm-news-block-container\">\n<div>    \n<h2 id=\"posts-recientes-titulo\">Posts recents<\/h2>\n    <p>Accedeix a l&#039;espai d&#039;informaci\u00f3 d&#039;Alzheimer i cures.<\/p>\n<\/div>\n<div class=\"fpm-news-block-posts-wrapper\" role=\"list\" aria-labelledby=\"posts-recientes-titulo\">\n    <div class=\"fpm-news-block-posts-container\">\n                        <div class=\"fpm-news-block-post-item\" \n                     role=\"listitem\"\n                     data-image=\"https:\/\/areaalzheimer.fpmaragall.org\/wp-content\/uploads\/fases20duelo20alzheimer-3.jpg\"\n                     tabindex=\"0\">\n                <div class=\"fpm-news-block-post-content\"\n                     role=\"article\"\n                     style=\"cursor: pointer;\">\n                    <a href=\"https:\/\/areaalzheimer.fpmaragall.org\/ca\/noticia\/les-fases-del-proces-de-dol-davant-les-perdues-que-suposa-lalzheimer\/\" \n                       class=\"fpm-news-block-post-link\" \n                       aria-label=\"Llegir m\u00e9s sobre Fases del dol davant les p\u00e8rdues que suposa l&#8217;Alzheimer\">\n                        <h3>Fases del dol davant les p\u00e8rdues que suposa l&#8217;Alzheimer<\/h3>\n                        <p>El dol no \u00e9s nom\u00e9s una reacci\u00f3 despr\u00e9s de la mort d\u2019una persona, sin\u00f3 tamb\u00e9 davant altres prdues significatives que&hellip;<\/p>\n                        <span class=\"fpm-news-block-leer-mas\" role=\"button\" tabindex=\"0\">\n                            Llegir m\u00e9s \u2192\n                        <\/span>\n                    <\/a>\n                <\/div>\n                <\/div>\n                        <div class=\"fpm-news-block-post-item\" \n                     role=\"listitem\"\n                     data-image=\"https:\/\/areaalzheimer.fpmaragall.org\/wp-content\/uploads\/fpm-cuidando-al-cuidador-4.png\"\n                     tabindex=\"0\">\n                <div class=\"fpm-news-block-post-content\"\n                     role=\"article\"\n                     style=\"cursor: pointer;\">\n                    <a href=\"https:\/\/areaalzheimer.fpmaragall.org\/ca\/noticia\/cuidar-el-cuidador-duna-persona-amb-alzheimer-com-funcionen-els-grups-terapeutics\/\" \n                       class=\"fpm-news-block-post-link\" \n                       aria-label=\"Llegir m\u00e9s sobre Grups terap\u00e8utics per a persones cuidadores\">\n                        <h3>Grups terap\u00e8utics per a persones cuidadores<\/h3>\n                        <p>A Espanya, al 90 % dels malalts d\u2019Alzheimer els cuiden directament les seves fam\u00edlies. En la gran majoria de casos,&hellip;<\/p>\n                        <span class=\"fpm-news-block-leer-mas\" role=\"button\" tabindex=\"0\">\n                            Llegir m\u00e9s \u2192\n                        <\/span>\n                    <\/a>\n                <\/div>\n                <\/div>\n                        <div class=\"fpm-news-block-post-item\" \n                     role=\"listitem\"\n                     data-image=\"https:\/\/areaalzheimer.fpmaragall.org\/wp-content\/uploads\/iStock-1213437805-4.jpg\"\n                     tabindex=\"0\">\n                <div class=\"fpm-news-block-post-content\"\n                     role=\"article\"\n                     style=\"cursor: pointer;\">\n                    <a href=\"https:\/\/areaalzheimer.fpmaragall.org\/ca\/noticia\/covid-19-i-persones-amb-demencia-els-hi-afecta-de-forma-diferent\/\" \n                       class=\"fpm-news-block-post-link\" \n                       aria-label=\"Llegir m\u00e9s sobre COVID-19 i persones amb dem\u00e8ncia: una afectaci\u00f3 diferent\">\n                        <h3>COVID-19 i persones amb dem\u00e8ncia: una afectaci\u00f3 diferent<\/h3>\n                        <p>L\u2019impacte de la COVID-19 \u00e9s diferent en les persones amb demncia? Sabem que aquestes persones es poden veure particularment afectades&hellip;<\/p>\n                        <span class=\"fpm-news-block-leer-mas\" role=\"button\" tabindex=\"0\">\n                            Llegir m\u00e9s \u2192\n                        <\/span>\n                    <\/a>\n                <\/div>\n                <\/div>\n            <\/div>\n    \n    <div class=\"fpm-news-block-featured-image-container\"><\/div>\n        <\/div>    \n   \n        <br>\n        <a href=\"https:\/\/areaalzheimer.fpmaragall.org\/ca\/noticias\/\">\n        <button class=\"fpm-news-block-ver-todos\" aria-label=\"Veure totes les publicacions de not\u00edcies\">\n            Veure tots els post            <\/button>\n        <\/a>\n    \n<\/div>\n\n<script>\ndocument.addEventListener('DOMContentLoaded', function() {\n    const postItems = document.querySelectorAll('.fpm-news-block-post-item');\n    const imageContainer = document.querySelector('.fpm-news-block-featured-image-container');\n    const fadeElement = document.createElement('div');\n    fadeElement.classList.add('fpm-news-block-featured-image-fade');\n    imageContainer.appendChild(fadeElement);\n    \n    let lastHoveredPost = postItems[0];\n    let autoChangeInterval;\n    let currentIndex = 0;\n\n    function setActivePost(post) {\n        postItems.forEach(item => item.classList.remove('active'));\n        post.classList.add('active');\n    }\n\n    function changePost(index) {\n        const post = postItems[index];\n        const imageUrl = post.getAttribute('data-image');\n        \n        fadeElement.style.backgroundImage = `url(${imageUrl})`;\n        fadeElement.style.opacity = '1';\n        \n        setTimeout(() => {\n            imageContainer.style.backgroundImage = `url(${imageUrl})`;\n            fadeElement.style.opacity = '0';\n        }, 500);\n        \n        setActivePost(post);\n        lastHoveredPost = post;\n    }\n\n    function startAutoChange() {\n        autoChangeInterval = setInterval(() => {\n            currentIndex = (currentIndex + 1) % postItems.length;\n            changePost(currentIndex);\n        }, 5000);\n    }\n\n    function stopAutoChange() {\n        clearInterval(autoChangeInterval);\n    }\n\n    if (postItems.length > 0) {\n        changePost(0);\n        startAutoChange();\n    }\n\n    postItems.forEach((item, index) => {\n        item.addEventListener('mouseenter', function() {\n            stopAutoChange();\n            currentIndex = index;\n            changePost(currentIndex);\n        });\n\n        item.addEventListener('mouseleave', function() {\n            startAutoChange();\n        });\n    });\n\n    const postsContainer = document.querySelector('.fpm-news-block-posts-container');\n    postsContainer.addEventListener('mouseleave', function() {\n        startAutoChange();\n    });\n});\n<\/script>\n<\/div>\n<div class=\"container\"><div><div>\n\n<div class=\"fpm-study-block-container\" role=\"region\" aria-label=\"Estudis destacats\">\n    <div class=\"fpm-study-block-header\">    \n        <h2 id=\"featured-studies-title\">Estudis destacats<\/h2>\n        <p>Participa en els estudis de recerca de la Fundaci\u00f3 Pasqual Maragall.<\/p>\n    <\/div>\n    <div class=\"fpm-study-block-grid\" role=\"list\">\n                    <div role=\"listitem\">\n                <article class=\"fpm-study-block-item\">\n                    <a href=\"https:\/\/areaalzheimer.fpmaragall.org\/ca\/estudio\/estudi-plena-empoderament-de-persones-amb-diagnostic\/\" class=\"fpm-study-block-link\">\n                                                    <img decoding=\"async\" src=\"https:\/\/areaalzheimer.fpmaragall.org\/wp-content\/uploads\/DSC05818-1-1024x683.jpg\" \n                                 alt=\"Estudi Plena: empoderament de persones amb diagn\u00f2stic\" \n                                 class=\"fpm-study-block-image\"\n                                 loading=\"lazy\">\n                                                <h3>Estudi Plena: empoderament de persones amb diagn\u00f2stic<\/h3>\n                        <p>L\u2019Estudi Plena t\u00e9 per objectiu validar cient\u00edficament l\u2019efic\u00e0cia de la intervenci\u00f3 psicosocial per l\u2019empoderament i benestar de les persones amb&hellip;<\/p>\n                    <\/a>\n                <\/article>\n            <\/div>\n                    <div role=\"listitem\">\n                <article class=\"fpm-study-block-item\">\n                    <a href=\"https:\/\/areaalzheimer.fpmaragall.org\/ca\/estudio\/estudi-catala-1\/\" class=\"fpm-study-block-link\">\n                                                    <img decoding=\"async\" src=\"https:\/\/areaalzheimer.fpmaragall.org\/wp-content\/uploads\/old-woman-uses-laptop-hands-close-up-technology-2023-11-27-05-10-22-utc-1-1024x683.jpg\" \n                                 alt=\"Solucions co-creades d\u2019atenci\u00f3 a l\u2019Alzheimer basades en les TIC: resum&hellip;\" \n                                 class=\"fpm-study-block-image\"\n                                 loading=\"lazy\">\n                                                <h3>Solucions co-creades d\u2019atenci\u00f3 a l\u2019Alzheimer basades en les TIC: resum de l\u2019informe del projecte Co-Care<\/h3>\n                        <p>El projecte Co-Care t\u00e9 com a objectiu estimular el disseny dirigit per l\u2019usuari en el desenvolupament de solucions d\u2019atenci\u00f3 a&hellip;<\/p>\n                    <\/a>\n                <\/article>\n            <\/div>\n                    <div role=\"listitem\">\n                <article class=\"fpm-study-block-item\">\n                    <a href=\"https:\/\/areaalzheimer.fpmaragall.org\/ca\/estudio\/mi-estudio-1-2\/\" class=\"fpm-study-block-link\">\n                                                    <img decoding=\"async\" src=\"https:\/\/areaalzheimer.fpmaragall.org\/wp-content\/uploads\/estudi-necessitats-1.jpg\" \n                                 alt=\"Estudi de necessitats de les persones cuidadores de familiars amb&hellip;\" \n                                 class=\"fpm-study-block-image\"\n                                 loading=\"lazy\">\n                                                <h3>Estudi de necessitats de les persones cuidadores de familiars amb Alzheimer<\/h3>\n                        <p>En aquest informe es presenten les conclusions principals de l\u2019estudi de necessitats promogut per la Fundaci\u00f3 Pasqual Maragall, per identificar&hellip;<\/p>\n                    <\/a>\n                <\/article>\n            <\/div>\n            <\/div>\n    \n    <a href=\"https:\/\/areaalzheimer.fpmaragall.org\/ca\/investigacion-divulgacion\/\" \n       class=\"fpm-study-block-view-more\"\n       aria-label=\"Veure m\u00e9s estudis\">\n        Veure m\u00e9s    <\/a>\n<\/div><\/div><\/div>\n\n\n<div class=\"fpm-programs-slider-wrapper\">\n    <div id=\"fpm-programs-slider-block_15d29a7844a6d8d264b532e6daf43e77\" class=\"fpm-programs-slider swiper-container\" style=\"max-width: 1050px; margin:0;\">\n        <div class=\"swiper-wrapper\">\n            <div class=\"swiper-slide fpm-programs-first-slide\" style=\"background-image: url(https:\/\/areaalzheimer.fpmaragall.org\/wp-content\/uploads\/cuidado-diario-personas-alzheimer-3.jpg);\">\n                \n                <h2>Formaci\u00f3 i acompanyament<\/h2>\n                <p>Informa&#039;t i accedeix a les activitats formatives i d&#039;acompanyament de la Fundaci\u00f3 Pasqual Maragall.<\/p>\n                <a href=\"\/ca\/espacio-de-acompanamiento\/\" class=\"fpm-programs-button\">Veure programes<\/a>\n            <\/div>\n            \n                    <\/div>\n        <div class=\"swiper-pagination\"><\/div>\n        <div class=\"swiper-button-next\"><\/div>\n        <div class=\"swiper-button-prev\"><\/div>\n    <\/div>\n<\/div>\n\n\n\n<h2 class=\"wp-block-heading has-text-align-center has-text-color has-link-color wp-elements-3bb01cb577e5e6830650c718d2f06579\" style=\"color:#0d0d0d;font-size:2.25rem\">Temes de conversa recents<\/h2>\n\n\n\n<p class=\"has-text-align-center has-text-color has-link-color wp-elements-f219cd2d8729a8f22d08d80244ca72ae\" style=\"color:#404040;font-size:1rem\">Accedeix als f\u00f2rums tem\u00e0tics per compartir coneixements i experi\u00e8ncies en l&#8217;\u00e0mbit de la Malaltia d&#8217;Alzheimer i les dem\u00e8ncies.<\/p>\n\n\n\n<div style=\"height:51px\" aria-hidden=\"true\" class=\"wp-block-spacer\"><\/div>\n\n\n\t\t<div id=\"buddypress\" class=\"buddypress-wrap round-avatars bp-dir-hori-nav bp-shortcode-wrap\">\n\t\t\t<div class=\"screen-content\">\n\t\t\t\t<div class=\"subnav-filters filters no-ajax\" id=\"subnav-filters\">\n\t\t\t\t\t\t<div class=\"grid-filters\" data-object=\"groups\">\n\t\t<a href=\"#\" class=\"layout-view layout-grid-view bp-tooltip active\" data-view=\"grid\" data-bp-tooltip-pos=\"up\" data-bp-tooltip=\"Vista en quadr\u00edcula\" aria-label=\"Vista en quadr\u00edcula\"> <i class=\"bb-icon-l bb-icon-grid-large\" aria-hidden=\"true\"><\/i> <\/a>\n\n\t\t<a href=\"#\" class=\"layout-view layout-list-view bp-tooltip \" data-view=\"list\" data-bp-tooltip-pos=\"up\" data-bp-tooltip=\"Veure en llista\" aria-label=\"Veure en llista\"> <i class=\"bb-icon-l bb-icon-bars\" aria-hidden=\"true\"><\/i> <\/a>\n\t<\/div>\n\t\t\t\t\t<\/div>\n\t\t\t\t<div id=\"groups-dir-list\" class=\"groups dir-list\">\n\t\t\t\t\t\t<div class=\"bp-feedback info\">\n\t\t<span class=\"bp-icon\" aria-hidden=\"true\"><\/span>\n\t\t<p class=\"current-group-type\">S'estan visualitzant tots els grups que s\u00f3n <strong>Temas de inter\u00e9s general<\/strong><\/p>\n\t<\/div>\n\t\n\t\n\t<div class=\"bp-pagination top\" data-bp-pagination=\"grpage\">\n\n\t\t\t\t\t<div class=\"pag-count top\">\n\n\t\t\t\t<p class=\"pag-data\">\n\t\t\t\t\tS&#039;est\u00e0 visualitzant 1 grup\t\t\t\t<\/p>\n\n\t\t\t<\/div>\n\t\t\n\t\t\n\t<\/div>\n\n\t\n\t<ul id=\"groups-list\" class=\"\n\titem-list groups-list bp-list grid bb-cover-enabled left\tgroups-dir-list\">\n\n\t\t\n\n\t\t\t<li class=\"item-entry bp-single-group public group-type-interes-general group-has-avatar\" data-bp-item-id=\"15\" data-bp-item-component=\"groups\">\n\t\t\t\t<div class=\"list-wrap\">\n\t\t\t\t\t\t\t\t\t\t\t<div class=\"bs-group-cover only-grid-view  cover-small\">\n                            <a href=\"https:\/\/areaalzheimer.fpmaragall.org\/ca\/groups\/recursos-de-interes\/\" aria-label=\"Recursos d\u2019inter\u00e8s\">\n\t\t\t\t\t\t\t\t\t\t\t\t\t\t\t\t\t<img decoding=\"async\" src=\"https:\/\/areaalzheimer.fpmaragall.org\/wp-content\/uploads\/buddypress\/groups\/15\/cover-image\/66ccc4e6be69a-bp-cover-image.jpg\" alt=\"Imagen de portada del grupo Recursos d\u2019inter\u00e8s\">\n\t\t\t\t\t\t\t\t\t\t\t\t\t\t\t<\/a>\n\t\t\t\t\t\t<\/div>\n\t\t\t\t\t\t\t\t\t\t\t\t<div class=\"item-avatar\"><a href=\"https:\/\/areaalzheimer.fpmaragall.org\/ca\/groups\/recursos-de-interes\/\" class=\"group-avatar-wrap\"><img loading=\"lazy\" decoding=\"async\" src=\"https:\/\/areaalzheimer.fpmaragall.org\/wp-content\/uploads\/group-avatars\/15\/66ccc5f652ac2-bpfull.jpg\" class=\"avatar group-15-avatar avatar-300 photo\" width=\"300\" height=\"300\" alt=\"Logotip del grup de Recursos d\u2019inter\u00e8s\" \/><\/a><\/div>\n\t\t\t\t\t\t\t\t\t\t\t<div class=\"item  \">\n\n\t\t\t\t\t\t<div class=\"group-item-wrap\">\n\t\t\t\t\t\t\t<div class=\"item-block\">\n\t\t\t\t\t\t\t\t<h2 class=\"list-title groups-title\"><a href=\"https:\/\/areaalzheimer.fpmaragall.org\/ca\/groups\/recursos-de-interes\/\" class=\"bp-group-home-link recursos-de-interes-home-link\" data-bb-hp-group=\"15\">Recursos d\u2019inter\u00e8s<\/a><\/h2>\n\t\t\t\t\t\t\t\t<div class=\"item-meta-wrap has-meta \">\n\n\t\t\t\t\t\t\t\t\t\n\t\t\t\t\t\t\t\t\t\t<p class=\"item-meta group-details  \">\n\t\t\t\t\t\t\t\t\t\t\t<span class=\"group-visibility public\">P\u00fablica<\/span> <span class=\"group-type bb-current-group-interes-general\">Tema d'inter\u00e8s general<\/span>\t\t\t\t\t\t\t\t\t\t<\/p>\n\t\t\t\t\t\t\t\t\t\t<p class=\"last-activity item-meta\">Actiu fa 2 dies <\/p>\n\t\t\t\t\t\t\t\t<\/div>\n\t\t\t\t\t\t\t<\/div>\n\n\t\t\t\t\t\t\t\t\t\t\t\t\t\t\t<div class=\"item-desc group-item-desc only-list-view\"><\/div>\n\t\t\t\t\t\t\t\t\t\t\t\t\t<\/div>\n\n\t\t\t\t\t\t\n\t\t\t\t\t\t<div class=\"group-footer-wrap  \">\n\t\t\t\t\t\t\t<div class=\"group-members-wrap\">\n\t\t\t\t\t\t\t\t\t\t<span class=\"bs-group-members\">\n\t\t\t\t\t<span class=\"bs-group-member\" data-bp-tooltip-pos=\"up-left\" data-bp-tooltip=\"Anna Castillo Montero\">\n\t\t\t\t<a href=\"https:\/\/areaalzheimer.fpmaragall.org\/ca\/members\/nanna\/\">\n\t\t\t\t\t<img decoding=\"async\" src=\"https:\/\/areaalzheimer.fpmaragall.org\/wp-content\/plugins\/buddyboss-platform\/bp-core\/images\/profile-avatar-buddyboss-50.png\"\n\t\t\t\t\t\talt=\"Anna Castillo Montero\" class=\"round\" \/>\n\t\t\t\t<\/a>\n\t\t\t<\/span>\n\t\t\t\t\t\t<span class=\"bs-group-member\" data-bp-tooltip-pos=\"up-left\" data-bp-tooltip=\"Dani\">\n\t\t\t\t<a href=\"https:\/\/areaalzheimer.fpmaragall.org\/ca\/members\/gargallo\/\">\n\t\t\t\t\t<img decoding=\"async\" src=\"https:\/\/areaalzheimer.fpmaragall.org\/wp-content\/uploads\/avatars\/1\/664c8356305d0-bpthumb.png\"\n\t\t\t\t\t\talt=\"Dani\" class=\"round\" \/>\n\t\t\t\t<\/a>\n\t\t\t<\/span>\n\t\t\t\t\t\t<span class=\"bs-group-member\" data-bp-tooltip-pos=\"up-left\" data-bp-tooltip=\"Jordi Triguero Engu\u00eddanos\">\n\t\t\t\t<a href=\"https:\/\/areaalzheimer.fpmaragall.org\/ca\/members\/antidot18\/\">\n\t\t\t\t\t<img decoding=\"async\" src=\"https:\/\/areaalzheimer.fpmaragall.org\/wp-content\/plugins\/buddyboss-platform\/bp-core\/images\/profile-avatar-buddyboss-50.png\"\n\t\t\t\t\t\talt=\"Jordi Triguero Engu\u00eddanos\" class=\"round\" \/>\n\t\t\t\t<\/a>\n\t\t\t<\/span>\n\t\t\t\t\t\t<span class=\"bs-group-member\" data-bp-tooltip-pos=\"up-left\" data-bp-tooltip=\"+\n\t\t\t58 membres\t\t\t\">\n\t\t\t\t<a href=\"https:\/\/areaalzheimer.fpmaragall.org\/ca\/groups\/recursos-de-interes\/members\" aria-label=\"More members\">\n\t\t\t\t\t<span class=\"bb-icon-f bb-icon-ellipsis-h\"><\/span>\n\t\t\t\t<\/a>\n\t\t\t<\/span>\n\t\t\t\t\t<\/span>\n\t\t\t\t\t\t\t\t\t<\/div>\n\t\t\t\t\t\t\t\t\t\t\t\t\t\t\t<div class=\"groups-loop-buttons footer-button-wrap\"><\/div>\n\t\t\t\t\t\t\t\t\t\t\t\t\t<\/div>\n\n\t\t\t\t\t<\/div>\n\t\t\t\t<\/div>\n\t\t\t<\/li>\n\n\t\t\t<\/ul>\n\n\t<!-- Leave Group confirmation popup -->\n\t<div class=\"bb-leave-group-popup bb-action-popup\" style=\"display: none\">\n\t\t<transition name=\"modal\">\n\t\t\t<div class=\"modal-mask bb-white bbm-model-wrap\">\n\t\t\t\t<div class=\"modal-wrapper\">\n\t\t\t\t\t<div class=\"modal-container\">\n\t\t\t\t\t\t<header class=\"bb-model-header\">\n\t\t\t\t\t\t\t<h4><span class=\"target_name\">Abandonar el grup <\/span><\/h4>\n\t\t\t\t\t\t\t<a class=\"bb-close-leave-group bb-model-close-button\">\n\t\t\t\t\t\t\t\t<span class=\"bb-icon-l bb-icon-times\"><\/span>\n\t\t\t\t\t\t\t<\/a>\n\t\t\t\t\t\t<\/header>\n\t\t\t\t\t\t<div class=\"bb-leave-group-content bb-action-popup-content\">\n\t\t\t\t\t\t\t<p>Segur que vols marxar <span class=\"bb-group-name\"><\/span>?<\/p>\n\t\t\t\t\t\t<\/div>\n\t\t\t\t\t\t<footer class=\"bb-model-footer flex align-items-center\">\n\t\t\t\t\t\t\t<a class=\"bb-close-leave-group bb-close-action-popup\" >Cancel\u00b7lar<\/a>\n\t\t\t\t\t\t\t<a class=\"button push-right bb-confirm-leave-group\" >Confirmar<\/a>\n\t\t\t\t\t\t<\/footer>\n\n\t\t\t\t\t<\/div>\n\t\t\t\t<\/div>\n\t\t\t<\/div>\n\t\t<\/transition>\n\t<\/div> <!-- .bb-leave-group-popup -->\n\n\t\n\t\n\t<div class=\"bp-pagination bottom\" data-bp-pagination=\"grpage\">\n\n\t\t\t\t\t<div class=\"pag-count bottom\">\n\n\t\t\t\t<p class=\"pag-data\">\n\t\t\t\t\tS&#039;est\u00e0 visualitzant 1 grup\t\t\t\t<\/p>\n\n\t\t\t<\/div>\n\t\t\n\t\t\n\t<\/div>\n\n\t\t\t\t\t<\/div>\n\t\t\t<\/div>\n\t\t<\/div>\n\t\t\n\n\n\n<div style=\"height:100px\" aria-hidden=\"true\" class=\"wp-block-spacer\"><\/div>\n\n\n<\/div><\/div><\/div>\n<div class=\"fpm-webinar-black-fullwidth-wrapper\">\n<div class=\"webinar-list-block\">\n    <h2 class=\"block-title\">Pr\u00f2xims esdeveniments i webinars<\/h2>\n    <p class=\"block-description\">Inscriu-te als nostres pr\u00f2xims esdeveniments i webinars per aprendre m\u00e9s sobre l&#8217;Alzheimer<\/p>\n    \n    <div class=\"view-selector\">\n        <button class=\"view-button active\" data-view=\"list\">\n            <svg xmlns=\"http:\/\/www.w3.org\/2000\/svg\" width=\"16\" height=\"16\" viewBox=\"0 0 24 24\" fill=\"none\" stroke=\"currentColor\" stroke-width=\"2\" stroke-linecap=\"round\" stroke-linejoin=\"round\"><line x1=\"8\" y1=\"6\" x2=\"21\" y2=\"6\"><\/line><line x1=\"8\" y1=\"12\" x2=\"21\" y2=\"12\"><\/line><line x1=\"8\" y1=\"18\" x2=\"21\" y2=\"18\"><\/line><line x1=\"3\" y1=\"6\" x2=\"3.01\" y2=\"6\"><\/line><line x1=\"3\" y1=\"12\" x2=\"3.01\" y2=\"12\"><\/line><line x1=\"3\" y1=\"18\" x2=\"3.01\" y2=\"18\"><\/line><\/svg>\n            Llista        <\/button>\n        <button class=\"view-button\" data-view=\"calendar\">\n        <svg xmlns=\"http:\/\/www.w3.org\/2000\/svg\" width=\"16\" height=\"16\" viewBox=\"0 0 24 24\" fill=\"none\" stroke=\"currentColor\" stroke-width=\"2\" stroke-linecap=\"round\" stroke-linejoin=\"round\"><rect x=\"3\" y=\"4\" width=\"18\" height=\"18\" rx=\"2\" ry=\"2\"><\/rect><line x1=\"16\" y1=\"2\" x2=\"16\" y2=\"6\"><\/line><line x1=\"8\" y1=\"2\" x2=\"8\" y2=\"6\"><\/line><line x1=\"3\" y1=\"10\" x2=\"21\" y2=\"10\"><\/line><\/svg>\n            Calendari        <\/button>\n        <button class=\"view-button\" data-view=\"all\">\n            <svg xmlns=\"http:\/\/www.w3.org\/2000\/svg\" width=\"16\" height=\"16\" viewBox=\"0 0 24 24\" fill=\"none\" stroke=\"currentColor\" stroke-width=\"2\" stroke-linecap=\"round\" stroke-linejoin=\"round\"><circle cx=\"11\" cy=\"11\" r=\"8\"><\/circle><line x1=\"21\" y1=\"21\" x2=\"16.65\" y2=\"16.65\"><\/line><\/svg>\n            Veure tots        <\/button>\n    <\/div>\n\n    <div class=\"view-content\">\n        <div class=\"list-view active\">\n                            <center><p style=\"font-size: 15px;\"><svg style=\"margin-bottom: -3px;margin-right:5px;\" xmlns=\"http:\/\/www.w3.org\/2000\/svg\" width=\"20\" height=\"20\" viewBox=\"0 0 24 24\" fill=\"none\" stroke=\"currentColor\" stroke-width=\"2\" stroke-linecap=\"round\" stroke-linejoin=\"round\"><rect x=\"3\" y=\"4\" width=\"18\" height=\"18\" rx=\"2\" ry=\"2\"><\/rect><line x1=\"16\" y1=\"2\" x2=\"16\" y2=\"6\"><\/line><line x1=\"8\" y1=\"2\" x2=\"8\" y2=\"6\"><\/line><line x1=\"3\" y1=\"10\" x2=\"21\" y2=\"10\"><\/line><line x1=\"15\" y1=\"15\" x2=\"9\" y2=\"15\"><\/line><\/svg> No hi ha webinars programats en aquest moment.<\/p><\/center>\n                                <\/div>\n        \n        <div class=\"calendar-view\">\n            \n<div id=\"calendar-container\">\n    <div id=\"calendar\">\n        <div id=\"header\">\n            <button id=\"prevBtn\" class=\"nav-btn\">\u276e<\/button>\n            <div id=\"monthYear\"><\/div>\n            <button id=\"nextBtn\" class=\"nav-btn\">\u276f<\/button>\n        <\/div>\n        <div id=\"weekdays\"><\/div>\n        <div id=\"days\"><\/div>\n    <\/div>\n<\/div>\n\n<div id=\"event-modal\" class=\"modal\">\n    <div class=\"modal-content\">\n        <span class=\"close\">&times;<\/span>\n        <div id=\"event-list\">\n            <div id=\"event-details\"><\/div>\n        <\/div>\n    <\/div>\n<\/div>\n        <\/div>\n        \n        <div class=\"all-view\">\n            <div class=\"all-view-filters\">\n                <label for=\"search-events\" class=\"screen-reader-text\">Cercar esdeveniments i webinars<\/label>\n                <input type=\"text\" id=\"search-events\" placeholder=\"Buscar esdeveniments i webinars...\">\n                \n                <label for=\"filter-type\" class=\"screen-reader-text\">Filtrar per tipus<\/label>\n                <select id=\"filter-type\">\n                    <option value=\"all\">Tots<\/option>\n                    <option value=\"fpm_webinar\">Webinars<\/option>\n                    <option value=\"fpm_calendar_event\">Esdeveniments<\/option>\n                <\/select>\n            <\/div>\n            <div id=\"all-events-container\"><\/div>\n            <div id=\"no-results-message\" style=\"display: none;\">\n                No es van trobar resultats per a la teva recerca.            <\/div>\n            <div class=\"pagination\">\n                <button id=\"load-more\">Carregar m\u00e9s<\/button>\n            <\/div>\n        <\/div>\n    <\/div>\n<\/div>\n<\/div>\n<div class=\"container\"><div><div>\n    <script>\n        document.addEventListener('DOMContentLoaded', function() {\n    const viewButtons = document.querySelectorAll('.view-button');\n    const views = document.querySelectorAll('.view-content > div');\n    let currentPage = 1;\n    let currentType = 'all';\n    let currentSearch = '';\n\n    viewButtons.forEach(button => {\n        button.addEventListener('click', function() {\n            const viewToShow = this.getAttribute('data-view');\n\n            viewButtons.forEach(btn => btn.classList.remove('active'));\n            this.classList.add('active');\n\n            views.forEach(view => {\n                view.classList.remove('active');\n                if (view.classList.contains(viewToShow + '-view')) {\n                    view.classList.add('active');\n                    if (viewToShow === 'all') {\n                        loadAllEvents();\n                    }\n                }\n            });\n        });\n    });\n\n    function loadAllEvents() {\n        const container = document.getElementById('all-events-container');\n        const loadMoreBtn = document.getElementById('load-more');\n        const noResultsMessage = document.getElementById('no-results-message');\n\n        fetch(ajaxurl, {\n            method: 'POST',\n            headers: {\n                'Content-Type': 'application\/x-www-form-urlencoded',\n            },\n            body: new URLSearchParams({\n                action: 'load_all_events',\n                page: currentPage,\n                type: currentType,\n                search: currentSearch,\n                nonce: '4892fdf0ee'\n            })\n        })\n        .then(response => response.json())\n        .then(data => {\n            if (currentPage === 1) {\n                container.innerHTML = '';\n            }\n            if (data.html) {\n                container.insertAdjacentHTML('beforeend', data.html);\n                noResultsMessage.style.display = 'none';\n            } else {\n                noResultsMessage.style.display = 'block';\n            }\n            loadMoreBtn.style.display = data.has_more ? 'block' : 'none';\n        });\n    }\n\n    document.getElementById('load-more').addEventListener('click', function() {\n        currentPage++;\n        loadAllEvents();\n    });\n\n    document.getElementById('search-events').addEventListener('input', function() {\n        currentSearch = this.value;\n        currentPage = 1;\n        loadAllEvents();\n    });\n\n    document.getElementById('filter-type').addEventListener('change', function() {\n        currentType = this.value;\n        currentPage = 1;\n        loadAllEvents();\n    });\n});\n<\/script>\n<style>\n    .view-selector {\n    margin-bottom: 20px;\n    text-align: right;\n    margin-bottom: 3rem;\n    border-bottom: 1px solid #e0e0e0;\n    padding-bottom: 2rem;\n}\n\n.view-button {\n    padding: 10px 20px;\n    margin-right: 10px;\n    background-color: #f0f0f0;\n    border: none;\n    cursor: pointer;\n    color: #333;\n    transition: background-color 0.3s, color 0.3s;\n}\n\n.view-button:hover {\n    background-color: #e0e0e0;\n}\n\n.view-button.active {\n    background-color: #4a4a4a;\n    color: white;\n}\n\n.view-button i {\n    margin-right: 5px;\n}\n\n.view-content > div {\n    display: none;\n}\n\n.view-content > div.active {\n    display: block;\n}\n\n.all-view .webinar-list {\n    display: grid;\n    grid-template-columns: repeat(auto-fill, minmax(300px, 1fr));\n    gap: 20px;\n}\n\n.all-view .webinar-item {\n    \n    border-radius: 8px;\n    overflow: hidden;\n}\n\n\/* Ajusta otros estilos seg\u00fan sea necesario para la vista \"Ver todo\" *\/\n\n.all-view-filters {\n    margin-bottom: 20px;\n    display: flex;\n    gap: 10px;\n}\n\n#search-events, #filter-type {\n    padding: 8px;\n    border: 1px solid #ddd;\n    border-radius: 4px;\n}\n\n#search-events {\n    flex-grow: 1;\n}\n\n.pagination {\n    text-align: center;\n    margin-top: 20px;\n}\n\n#load-more {\n    padding: 10px 20px;\n    background-color: #4a4a4a;\n    color: white;\n    border: none;\n    border-radius: 4px;\n    cursor: pointer;\n}\n\n#load-more:hover {\n    background-color: #333;\n}\n\n.webinar-date {\n    display: flex;\n    flex-direction: column;\n    align-items: center;\n    justify-content: center;\n    padding: 10px;\n\n    border-radius: 8px;\n    text-align: center;\n}\n\n.date-wrapper {\n    display: flex;\n    flex-direction: column;\n    align-items: center;\n}\n\n.webinar-date .month {\n    font-size: 1.4em;\n    font-weight: bold;\n    text-transform: uppercase;\n}\n\n.webinar-date .day {\n    font-size: 2.2em;\n    font-weight: bold;\n    line-height: 1;\n}\n\n.webinar-date .year {\n    font-size: 1.2em;\n    margin-top: 5px;\n}\n\n\/* Estilo para ocultar visualmente las etiquetas pero mantenerlas accesibles para lectores de pantalla *\/\n.screen-reader-text {\n    border: 0;\n    clip: rect(1px, 1px, 1px, 1px);\n    clip-path: inset(50%);\n    height: 1px;\n    margin: -1px;\n    overflow: hidden;\n    padding: 0;\n    position: absolute;\n    width: 1px;\n    word-wrap: normal !important;\n}\n    <\/style>","protected":false},"excerpt":{"rendered":"<p>Temes de conversa recents Accedeix als f\u00f2rums tem\u00e0tics per compartir coneixements i experi\u00e8ncies en l&#8217;\u00e0mbit de la Malaltia d&#8217;Alzheimer i les dem\u00e8ncies.<\/p>\n","protected":false},"author":1,"featured_media":1836,"parent":0,"menu_order":0,"comment_status":"closed","ping_status":"closed","template":"","meta":{"_acf_changed":false,"footnotes":""},"class_list":["post-3816","page","type-page","status-publish","has-post-thumbnail","hentry"],"acf":[],"_links":{"self":[{"href":"https:\/\/areaalzheimer.fpmaragall.org\/ca\/wp-json\/wp\/v2\/pages\/3816","targetHints":{"allow":["GET"]}}],"collection":[{"href":"https:\/\/areaalzheimer.fpmaragall.org\/ca\/wp-json\/wp\/v2\/pages"}],"about":[{"href":"https:\/\/areaalzheimer.fpmaragall.org\/ca\/wp-json\/wp\/v2\/types\/page"}],"author":[{"embeddable":true,"href":"https:\/\/areaalzheimer.fpmaragall.org\/ca\/wp-json\/wp\/v2\/users\/1"}],"replies":[{"embeddable":true,"href":"https:\/\/areaalzheimer.fpmaragall.org\/ca\/wp-json\/wp\/v2\/comments?post=3816"}],"version-history":[{"count":31,"href":"https:\/\/areaalzheimer.fpmaragall.org\/ca\/wp-json\/wp\/v2\/pages\/3816\/revisions"}],"predecessor-version":[{"id":6427,"href":"https:\/\/areaalzheimer.fpmaragall.org\/ca\/wp-json\/wp\/v2\/pages\/3816\/revisions\/6427"}],"wp:featuredmedia":[{"embeddable":true,"href":"https:\/\/areaalzheimer.fpmaragall.org\/ca\/wp-json\/wp\/v2\/media\/1836"}],"wp:attachment":[{"href":"https:\/\/areaalzheimer.fpmaragall.org\/ca\/wp-json\/wp\/v2\/media?parent=3816"}],"curies":[{"name":"wp","href":"https:\/\/api.w.org\/{rel}","templated":true}]}}