{"id":3831,"date":"2024-05-23T11:06:06","date_gmt":"2024-05-23T09:06:06","guid":{"rendered":"https:\/\/areaalzheimer.fpmaragall.org\/espai-dacompanyament\/"},"modified":"2025-05-26T16:29:02","modified_gmt":"2025-05-26T14:29:02","slug":"espacio-de-acompanamiento","status":"publish","type":"page","link":"https:\/\/areaalzheimer.fpmaragall.org\/ca\/espacio-de-acompanamiento\/","title":{"rendered":"Espai d\u2019acompanyament"},"content":{"rendered":"<\/div><\/div>\n<div class=\"fpm-narrow-header formacion-acompanamiento\" style=\"background-image: url('https:\/\/areaalzheimer.fpmaragall.org\/wp-content\/themes\/buddyboss-theme-child\/assets\/img\/formacion.jpg');\">\n    <div class=\"container\">\n            <div class=\"title-box\">\n                <div>\n                    <h1>Formaci\u00f3 i acompanyament<\/h1>\n                    <span>Millorant el benestar del cuidador per a una cura m\u00e9s efectiva<\/span>\n                <\/div>\n            <\/div>\n    <\/div>\n <\/div>\n\n<div class=\"fpm-programas-grupales-2-columns-wrapper\">\n<div class=\"fpm-programas-grupales-2-columns\">\n    <h2>Perqu\u00e8 cuidar a qui cuida, tamb\u00e9 \u00e9s prioritari<\/h2>\n    <div class=\"content-wrapper\">\n        <div class=\"content\">\n            <p class=\"p1\">Sent conscients que el benestar de qui cuida repercuteix en la qualitat de les cures que rep la persona amb Alzheimer, a la Fundaci\u00f3 Pasqual Maragall oferim programes d&#8217;acompanyament gratu\u00efts dirigits a persones cuidadores de familiars amb Alzheimer.<\/p>\n<p class=\"p1\">Els nostres programes grupals proporcionen un espai on adquirir coneixements sobre la malaltia d&#8217;Alzheimer, aprendre eines de gesti\u00f3 per afrontar diferents situacions relacionades amb la cura i compartir experi\u00e8ncies amb altres persones en la mateixa situaci\u00f3.<\/p>\n        <\/div>\n                    <div class=\"button-wrapper bigger\">\n                <a href=\"\/ca\/inscripcion-programas\/\" class=\"fpm-button\">Participa en els nostres grups<\/a>            <\/div>\n            <\/div>\n<\/div>\n        <\/div>\n\n<div class=\"container\">\n    <div>\n\n\n<h2 class=\"wp-block-heading has-text-align-center\" style=\"font-size:2.5rem\">Sobre els Programes<\/h2>\n\n\n\n<div style=\"height:1rem\" aria-hidden=\"true\" class=\"wp-block-spacer\"><\/div>\n\n\n\n<div class=\"wp-block-columns acompanamiento-cells is-layout-flex wp-container-core-columns-is-layout-9d6595d7 wp-block-columns-is-layout-flex\">\n<div class=\"wp-block-column is-layout-flow wp-block-column-is-layout-flow\">\n<h2 class=\"wp-block-heading\">Programa online Apr\u00e8n a Cuidar-te<\/h2>\n\n\n\n<p><br>Programa en l\u00ednia de suport emocional i formaci\u00f3 des d\u2019una perspectiva pr\u00e0ctica i adaptada a les necessitats generades en el dia a dia. <\/p>\n\n\n\n<p>Es desenvolupa en grups de 10 persones durant 8 sessions d\u2019una hora, per videoconfer\u00e8ncia i amb freq\u00fc\u00e8ncia setmanal.<\/p>\n<\/div>\n\n\n\n<div class=\"wp-block-column is-layout-flow wp-block-column-is-layout-flow\">\n<figure class=\"wp-block-image size-full is-resized\"><img loading=\"lazy\" decoding=\"async\" width=\"2560\" height=\"1707\" src=\"https:\/\/areaalzheimer.fpmaragall.org\/wp-content\/uploads\/DSC08566-scaled.jpeg\" alt=\"\" class=\"wp-image-5453\" style=\"width:465px;height:auto\" srcset=\"https:\/\/areaalzheimer.fpmaragall.org\/wp-content\/uploads\/DSC08566-scaled.jpeg 2560w, https:\/\/areaalzheimer.fpmaragall.org\/wp-content\/uploads\/DSC08566-300x200.jpeg 300w, https:\/\/areaalzheimer.fpmaragall.org\/wp-content\/uploads\/DSC08566-1024x683.jpeg 1024w, https:\/\/areaalzheimer.fpmaragall.org\/wp-content\/uploads\/DSC08566-768x512.jpeg 768w, https:\/\/areaalzheimer.fpmaragall.org\/wp-content\/uploads\/DSC08566-1536x1024.jpeg 1536w, https:\/\/areaalzheimer.fpmaragall.org\/wp-content\/uploads\/DSC08566-2048x1365.jpeg 2048w, https:\/\/areaalzheimer.fpmaragall.org\/wp-content\/uploads\/DSC08566-600x400.jpeg 600w, https:\/\/areaalzheimer.fpmaragall.org\/wp-content\/uploads\/DSC08566-624x416.jpeg 624w\" sizes=\"auto, (max-width: 2560px) 100vw, 2560px\" \/><\/figure>\n<\/div>\n<\/div>\n\n\n\n<div class=\"wp-block-columns acompanamiento-cells is-layout-flex wp-container-core-columns-is-layout-9d6595d7 wp-block-columns-is-layout-flex\">\n<div class=\"wp-block-column is-layout-flow wp-block-column-is-layout-flow\">\n<figure class=\"wp-block-image size-full is-resized\"><img loading=\"lazy\" decoding=\"async\" width=\"2560\" height=\"1707\" src=\"https:\/\/areaalzheimer.fpmaragall.org\/wp-content\/uploads\/DSC09106-scaled.jpeg\" alt=\"Grups terap\u00e8utics\" class=\"wp-image-5499\" style=\"width:441px;height:auto\" srcset=\"https:\/\/areaalzheimer.fpmaragall.org\/wp-content\/uploads\/DSC09106-scaled.jpeg 2560w, https:\/\/areaalzheimer.fpmaragall.org\/wp-content\/uploads\/DSC09106-300x200.jpeg 300w, https:\/\/areaalzheimer.fpmaragall.org\/wp-content\/uploads\/DSC09106-1024x683.jpeg 1024w, https:\/\/areaalzheimer.fpmaragall.org\/wp-content\/uploads\/DSC09106-768x512.jpeg 768w, https:\/\/areaalzheimer.fpmaragall.org\/wp-content\/uploads\/DSC09106-1536x1024.jpeg 1536w, https:\/\/areaalzheimer.fpmaragall.org\/wp-content\/uploads\/DSC09106-2048x1365.jpeg 2048w, https:\/\/areaalzheimer.fpmaragall.org\/wp-content\/uploads\/DSC09106-600x400.jpeg 600w, https:\/\/areaalzheimer.fpmaragall.org\/wp-content\/uploads\/DSC09106-624x416.jpeg 624w\" sizes=\"auto, (max-width: 2560px) 100vw, 2560px\" \/><\/figure>\n<\/div>\n\n\n\n<div class=\"wp-block-column is-layout-flow wp-block-column-is-layout-flow\">\n<h2 class=\"wp-block-heading\">Programa presencial de Grups Terap\u00e8utics<\/h2>\n\n\n\n<p>Ter\u00e0pia psicol\u00f2gica grupal presencial on els participants, a m\u00e9s a m\u00e9s d&#8217;adquirir coneixements per afrontar millor el proc\u00e9s de cuidar, comparteixen les seves experi\u00e8ncies i aprenen a gestionar les seves emocions. <\/p>\n\n\n\n<p>Es desenvolupa en grups de 10 persones durant 14 sessions de 90 minuts, sovint setmanal. Actualment, disponible a Barcelona i Madrid.<\/p>\n<\/div>\n<\/div>\n\n\n\n<p><\/p>\n\n\n\n<\/div><\/div>\n<div class=\"fpm-formacion-frases-wrapper\">\n    <div class=\"fpm-formacion-frases container\" >\n        <div class=\"fpm-formacion-frases__image-container\">\n                            <img decoding=\"async\" class=\"fpm-formacion-frases__image\" src=\"https:\/\/areaalzheimer.fpmaragall.org\/wp-content\/uploads\/actividades-vida-diaria-1-4.png\" alt=\"\">\n                    <\/div>\n        <div class=\"fpm-formacion-frases__content-container\">\n                            <h2 class=\"fpm-formacion-frases__quote\">Cuidar de nosaltres mateixos \u00e9s tamb\u00e9 cuidar millor del nostre familiar amb Alzheimer.<\/h2>\n                                        <p class=\"fpm-formacion-frases__author\">\u2014 Dra.\nSandra Poudevida <\/p>\n                                        <p class=\"fpm-formacion-frases__position\"> Terapeuta S\u00e8nior dels grups terap\u00e8utics de la Fundaci\u00f3 Pasqual Maragall<\/p>\n                    <\/div>\n    <\/div>\n<\/div>\n<div>\n<div class=\"container\">\n\n<div class=\"fpm-stats-block\">\n    <h2 class=\"fpm-stats-title\">Els grups terap\u00e8utics en xifres<\/h2>\n    <div class=\"fpm-stats-container\">\n        <div class=\"fpm-stat-item\">\n            <span class=\"fpm-stat-value\">36<\/span>\n            <span class=\"fpm-stat-label\">Centres col\u00b7laboradors<\/span>\n        <\/div>\n        <div class=\"fpm-stat-separator\"><\/div>\n        <div class=\"fpm-stat-item\">\n            <span class=\"fpm-stat-value\">95<\/span>\n            <span class=\"fpm-stat-label\">Grups terap\u00e8utics<\/span>\n        <\/div>\n        <div class=\"fpm-stat-separator\"><\/div>\n        <div class=\"fpm-stat-item\">\n            <span class=\"fpm-stat-value\">+ 1.000<\/span>\n            <span class=\"fpm-stat-label\">Cuidadors assistents<\/span>\n        <\/div>\n    <\/div>\n<\/div>\n<script>\ndocument.addEventListener('DOMContentLoaded', () => {\n    const statValues = document.querySelectorAll('.fpm-stat-value');\n    \n    const animateValue = (element, start, end, duration) => {\n        let startTimestamp = null;\n        const step = (timestamp) => {\n            if (!startTimestamp) startTimestamp = timestamp;\n            const progress = Math.min((timestamp - startTimestamp) \/ duration, 1);\n            let currentValue = Math.floor(progress * (end - start) + start);\n            \n            \/\/ Manejar el caso especial de \"+ 1.000\"\n            if (end >= 1000) {\n                element.textContent = '+ ' + currentValue.toLocaleString();\n            } else {\n                element.textContent = currentValue.toLocaleString();\n            }\n            \n            if (progress < 1) {\n                window.requestAnimationFrame(step);\n            } else {\n                \/\/ Asegurarse de que el valor final se muestre correctamente\n                if (end >= 1000) {\n                    element.textContent = '+ ' + end.toLocaleString();\n                } else {\n                    element.textContent = end.toLocaleString();\n                }\n            }\n        };\n        window.requestAnimationFrame(step);\n    };\n\n    const observer = new IntersectionObserver((entries) => {\n        entries.forEach(entry => {\n            if (entry.isIntersecting) {\n                const target = entry.target;\n                let endValue = parseInt(target.textContent.replace(\/[^\\d]\/g, ''), 10);\n                animateValue(target, 0, endValue, 2000);\n                observer.unobserve(target);\n            }\n        });\n    }, { \n        threshold: 0.1,\n        rootMargin: '0px 0px -10% 0px'\n    });\n\n    statValues.forEach(value => observer.observe(value));\n});\n<\/script>\n\n\n<div id=\"fpm-testimonials-block_d073960c739fa67aa55931c5b5b8afd5\" class=\"fpm-testimonials\">\n    <div class=\"fpm-testimonials-content\">\n        <div class=\"fpm-testimonials-slider swiper-container\">\n            <div class=\"swiper-wrapper\">\n                                    <div class=\"swiper-slide\">\n                        <blockquote class=\"fpm-testimonial-quote\">\n                            M\u2019he pogut expressar i m\u2019he sentit escoltada                            <cite>\n                                <span class=\"fpm-testimonial-author\">Carme<\/span>\n                                <span class=\"fpm-testimonial-position\">Cuida el marit<\/span>\n                            <\/cite>\n                        <\/blockquote>\n                    <\/div>\n                                    <div class=\"swiper-slide\">\n                        <blockquote class=\"fpm-testimonial-quote\">\n                            Hem apr\u00e8s que, si tu est\u00e0s b\u00e9, la persona que cuides tamb\u00e9 ho estar\u00e0                            <cite>\n                                <span class=\"fpm-testimonial-author\">Jordi<\/span>\n                                <span class=\"fpm-testimonial-position\">Cuidador<\/span>\n                            <\/cite>\n                        <\/blockquote>\n                    <\/div>\n                                    <div class=\"swiper-slide\">\n                        <blockquote class=\"fpm-testimonial-quote\">\n                            Cuidar \u00e9s un proc\u00e9s molt dur i, al grup, m\u2019he sentit compresa i estimada                            <cite>\n                                <span class=\"fpm-testimonial-author\">Nati<\/span>\n                                <span class=\"fpm-testimonial-position\">Cuidadora<\/span>\n                            <\/cite>\n                        <\/blockquote>\n                    <\/div>\n                            <\/div>\n            <div class=\"testimonial-button-next\"><svg width=\"56\" height=\"56\" viewBox=\"0 0 56 56\" fill=\"none\" xmlns=\"http:\/\/www.w3.org\/2000\/svg\">\n<rect x=\"0.5\" y=\"0.5\" width=\"55\" height=\"55\" rx=\"27.5\" stroke=\"#D9D9D9\"\/>\n<path d=\"M21 28H35M35 28L28 21M35 28L28 35\" stroke=\"#74B320\" stroke-width=\"2\" stroke-linecap=\"round\" stroke-linejoin=\"round\"\/>\n<\/svg>\n<\/div>\n            <div class=\"testimonial-button-prev\"><svg width=\"56\" height=\"56\" viewBox=\"0 0 56 56\" fill=\"none\" xmlns=\"http:\/\/www.w3.org\/2000\/svg\">\n<path d=\"M0.5 28C0.5 12.8122 12.8122 0.5 28 0.5C43.1878 0.5 55.5 12.8122 55.5 28C55.5 43.1878 43.1878 55.5 28 55.5C12.8122 55.5 0.5 43.1878 0.5 28Z\" stroke=\"#D9D9D9\"\/>\n<path d=\"M35 28H21M21 28L28 35M21 28L28 21\" stroke=\"#74B320\" stroke-width=\"2\" stroke-linecap=\"round\" stroke-linejoin=\"round\"\/>\n<\/svg>\n<\/div>\n        <\/div>\n    <\/div>\n    <div class=\"fpm-testimonials-images\">\n        <div class=\"fpm-testimonials-images-inner\">\n                    <div class=\"fpm-testimonial-image active\" \n             data-index=\"0\" \n             data-slide-index=\"0\"\n             style=\"background-image: url('https:\/\/areaalzheimer.fpmaragall.org\/wp-content\/uploads\/salud-del-cuidador-alzheimer-1.jpg');\">\n        <\/div>\n                <div class=\"fpm-testimonial-image \" \n             data-index=\"1\" \n             data-slide-index=\"1\"\n             style=\"background-image: url('https:\/\/areaalzheimer.fpmaragall.org\/wp-content\/uploads\/apraxia-2.jpg');\">\n        <\/div>\n                <div class=\"fpm-testimonial-image \" \n             data-index=\"2\" \n             data-slide-index=\"2\"\n             style=\"background-image: url('https:\/\/areaalzheimer.fpmaragall.org\/wp-content\/uploads\/relajaciC3B3n20muscular-3.jpg');\">\n        <\/div>\n            <\/div>\n    <\/div>\n<\/div>\n\n<script>\ndocument.addEventListener('DOMContentLoaded', function() {\n    const testimonialBlocks = document.querySelectorAll('.fpm-testimonials');\n    \n    testimonialBlocks.forEach(block => {\n        const slider = block.querySelector('.fpm-testimonials-slider');\n        const images = block.querySelectorAll('.fpm-testimonial-image');\n        \n        const swiper = new Swiper(slider, {\n            slidesPerView: 1,\n            spaceBetween: 30,\n            loop: true,\n            effect: 'fade',\n            fadeEffect: {\n                crossFade: true\n            },\n            navigation: {\n                nextEl: '.testimonial-button-next',\n                prevEl: '.testimonial-button-prev',\n            },\n            autoplay: {\n                delay: 5000,  \n                disableOnInteraction: false \n            },\n            on: {\n                init: function () {\n                    updateActiveImage(this.realIndex);\n                },\n                slideChange: function () {\n                    updateActiveImage(this.realIndex);\n                }\n            }\n        });\n\n        function updateActiveImage(index) {\n            images.forEach(img => {\n                img.classList.remove('active');\n            });\n            const activeImage = block.querySelector(`.fpm-testimonial-image[data-index=\"${index}\"]`);\n            if (activeImage) {\n                activeImage.classList.add('active');\n            }\n        }\n\n        \/\/ A\u00f1adir event listeners a las im\u00e1genes\n        images.forEach(image => {\n            image.addEventListener('click', function() {\n                const slideIndex = parseInt(this.getAttribute('data-slide-index'));\n                swiper.slideToLoop(slideIndex);\n            });\n            \n            \/\/ A\u00f1adir efectos de hover\n            image.addEventListener('mouseenter', function() {\n                if (!this.classList.contains('active')) {\n                    this.style.filter = 'grayscale(50%)';\n                }\n            });\n            \n            image.addEventListener('mouseleave', function() {\n                if (!this.classList.contains('active')) {\n                    this.style.filter = 'grayscale(100%)';\n                }\n            });\n        });\n    });\n});\n\n<\/script>\n","protected":false},"excerpt":{"rendered":"<p>Sobre els Programes Programa online Apr\u00e8n a Cuidar-te Programa en l\u00ednia de suport emocional i formaci\u00f3 des d\u2019una perspectiva pr\u00e0ctica i adaptada a les necessitats&hellip;<\/p>\n","protected":false},"author":1,"featured_media":0,"parent":0,"menu_order":0,"comment_status":"closed","ping_status":"closed","template":"page-blank-no-title.php","meta":{"_acf_changed":false,"footnotes":""},"class_list":["post-3831","page","type-page","status-publish","hentry"],"acf":[],"_links":{"self":[{"href":"https:\/\/areaalzheimer.fpmaragall.org\/ca\/wp-json\/wp\/v2\/pages\/3831","targetHints":{"allow":["GET"]}}],"collection":[{"href":"https:\/\/areaalzheimer.fpmaragall.org\/ca\/wp-json\/wp\/v2\/pages"}],"about":[{"href":"https:\/\/areaalzheimer.fpmaragall.org\/ca\/wp-json\/wp\/v2\/types\/page"}],"author":[{"embeddable":true,"href":"https:\/\/areaalzheimer.fpmaragall.org\/ca\/wp-json\/wp\/v2\/users\/1"}],"replies":[{"embeddable":true,"href":"https:\/\/areaalzheimer.fpmaragall.org\/ca\/wp-json\/wp\/v2\/comments?post=3831"}],"version-history":[{"count":22,"href":"https:\/\/areaalzheimer.fpmaragall.org\/ca\/wp-json\/wp\/v2\/pages\/3831\/revisions"}],"predecessor-version":[{"id":5651,"href":"https:\/\/areaalzheimer.fpmaragall.org\/ca\/wp-json\/wp\/v2\/pages\/3831\/revisions\/5651"}],"wp:attachment":[{"href":"https:\/\/areaalzheimer.fpmaragall.org\/ca\/wp-json\/wp\/v2\/media?parent=3831"}],"curies":[{"name":"wp","href":"https:\/\/api.w.org\/{rel}","templated":true}]}}