{"id":3901,"date":"2024-05-21T13:21:36","date_gmt":"2024-05-21T11:21:36","guid":{"rendered":"https:\/\/areaalzheimer.fpmaragall.org\/?page_id=3901"},"modified":"2026-01-09T09:31:24","modified_gmt":"2026-01-09T08:31:24","slug":"politica-de-privacitat","status":"publish","type":"page","link":"https:\/\/areaalzheimer.fpmaragall.org\/ca\/politica-de-privacitat\/","title":{"rendered":"Pol\u00edtica de privacitat"},"content":{"rendered":"\n<p><strong>INFORMACI\u00d3 SOBRE EL TRACTAMENT DE DADES PERSONALS<\/strong><\/p>\n\n\n\n<p>Tant la privacitat de les dades com la confidencialitat de la informaci\u00f3 s\u00f3n aspectes importants per a la Fundaci\u00f3 Pasqual Maragall. Aquesta pol\u00edtica de protecci\u00f3 de dades estableix la manera en qu\u00e8 es tracten les dades de car\u00e0cter personal obtingudes a trav\u00e9s de la present web plataforma&nbsp;Area&nbsp;Alzheimer i podr\u00e0 variar amb el temps degut als possibles canvis legislatius, jurisprudencials o dels criteris seguits per l&#8217;Ag\u00e8ncia Espanyola de Protecci\u00f3 de Dades i\/o l&#8217;autoritat competent en cada moment. \u00c9s per aix\u00f2 que la Fundaci\u00f3 Pasqual Maragall es reserva el dret a modificar la present pol\u00edtica referida a la plataforma&nbsp;Area&nbsp;Alzheimer per a adaptar-ho a novetats legislatives o jurisprudencials que es troben vigents en el moment prec\u00eds en qu\u00e8 s&#8217;accedeixi a la plataforma.<\/p>\n\n\n\n<p>Data \u00faltima actualitzaci\u00f3: 04\/10\/2024<\/p>\n\n\n\n<p><strong>1. Qui \u00e9s el responsable del tractament de les teves dades?<\/strong><\/p>\n\n\n\n<p>Titular responsable del tractament de les teves dades \u00e9s: La Fundaci\u00f3 Privada Pasqual Maragall per a la Recerca sobre l&#8217;Alzheimer (d&#8217;ara endavant, la Fundaci\u00f3).<\/p>\n\n\n\n<p>Domicili: Carrer Wellington, 30, Barcelona (08005).<\/p>\n\n\n\n<p>NIF n\u00fam. G-64869290<\/p>\n\n\n\n<p>Delegat de protecci\u00f3 de dades: gdpr@fpmaragall.org<\/p>\n\n\n\n<p><strong>2. Identificaci\u00f3 de tractaments<\/strong><\/p>\n\n\n\n<p><strong>Amb quina finalitat tractarem les teves dades, amb quina legitimaci\u00f3 ho farem i durant quant temps les conservarem?<\/strong><\/p>\n\n\n\n<p>La\u00a0plataforma\u00a0Area\u00a0Alzheimer de la Fundaci\u00f3 Pasqual Maragall tracta les teves dades en funci\u00f3 de les relacions de col\u00b7laboraci\u00f3 que mantens amb nosaltres. Les dades que recollim s\u00f3n \u00fanicament les estrictament necess\u00e0ries per a gestionar les relacions establertes, sent aquestes adequades, pertinents i no excessives, limitades al necessari en relaci\u00f3 a les finalitats per a les quals s\u00f3n tractades. Preguem que, per a mantenir les dades actuals, exactes i al dia, ens comuniquis qualsevol canvi o modificaci\u00f3 que pugui produir-se.<\/p>\n\n\n\n<p>Les dades personals que ens facilites quan t&#8217;inscrius com a participant en aquesta plataforma es tractaran amb les seg\u00fcents finalitats:<\/p>\n\n\n\n<p>-La gesti\u00f3 del registre d&#8217;usuaris de la plataforma en l\u00ednia, i posteriorment, l&#8217;actualitzaci\u00f3 de dades identificatives i de contacte o sol\u00b7licitud per a confirmar la seva vig\u00e8ncia.<\/p>\n\n\n\n<p>-La comunicaci\u00f3 i gesti\u00f3 relacionada amb serveis i continguts espec\u00edfics.<\/p>\n\n\n\n<p>-La creaci\u00f3 d&#8217;un directori per a compartir informaci\u00f3 d&#8217;inter\u00e8s relacionada amb programes futurs i noves iniciatives de l&#8217;\u00e0rea social de la Fundaci\u00f3 Pasqual Maragall.<\/p>\n\n\n\n<p>T&#8217;informem que podr\u00e0s donar-te de baixa d&#8217;aquesta mena de comunicacions en qualsevol moment de la manera indicada en cada enviament rebut o enviant un correu a gdpr@fpmaragall.org<\/p>\n\n\n\n<p>Legitimaci\u00f3: la base legal per al tractament de les teves dades \u00e9s el consentiment atorgat en apuntar-te com a participant dels programes de l&#8217;\u00e0rea social.<\/p>\n\n\n\n<p>Termini de supressi\u00f3: les dades de contacte es conservaran mentre no ens sol\u00b7licitis la seva eliminaci\u00f3.<\/p>\n\n\n\n<p><strong>A qui comunicarem les teves dades personals?<\/strong><\/p>\n\n\n\n<p>La Fundaci\u00f3 Pasqual Maragall no comunicar\u00e0 les teves dades a tercers excepte per obligaci\u00f3 legal.<br>Transfer\u00e8ncia internacional de dades: La Fundaci\u00f3 no dur\u00e0 a terme cap transfer\u00e8ncia internacional de les teves dades.<\/p>\n\n\n\n<p>Quins s\u00f3n els teus drets en mat\u00e8ria de protecci\u00f3 de dades i com pots exercir-los?<\/p>\n\n\n\n<p>Qualsevol persona t\u00e9 dret a obtenir informaci\u00f3 sobre quines dades s&#8217;estan tractant d&#8217;ell en una organitzaci\u00f3. A aquest efecte la Fundaci\u00f3 t&#8217;indica quins s\u00f3n els teus drets:<\/p>\n\n\n\n<p>-Dret d&#8217;acc\u00e9s, rectificaci\u00f3 i supressi\u00f3: Les persones interessades tenen dret a accedir a les seves dades personals, aix\u00ed com a sol\u00b7licitar la rectificaci\u00f3 de les dades inexactes o, si \u00e9s el cas, sol\u00b7licitar la seva supressi\u00f3 quan, entre altres motius, les dades ja no siguin necess\u00e0ries per als fins que van ser recollides.<\/p>\n\n\n\n<p>-Dret a la limitaci\u00f3 del tractament: En determinades circumst\u00e0ncies, podr\u00e0s sol\u00b7licitar la limitaci\u00f3 del tractament de les teves dades, i en aquest cas \u00fanicament es conservaran per a l&#8217;exercici o la defensa de reclamacions.<\/p>\n\n\n\n<p>-Dret d&#8217;oposici\u00f3 al tractament: En determinades circumst\u00e0ncies i per motius relacionats amb la teva situaci\u00f3 particular, podr\u00e0s oposar-te al tractament de les teves dades. La Fundaci\u00f3 deixar\u00e0 de tractar les dades, excepte per motius leg\u00edtims imperiosos, o l&#8217;exercici o la defensa de possibles reclamacions.<\/p>\n\n\n\n<p>-Dret a la portabilitat de les dades: tindr\u00e0s dret a rebre les dades personals que t&#8217;incumbeixin, que hagis facilitat a l&#8217;entitat, en un format estructurat, d&#8217;\u00fas com\u00fa i lectura mec\u00e0nica quan: a) el tractament estigui basat en el consentiment o en un contracte, i b) el tractament s&#8217;efectu\u00ef per mitjans automatitzats.<\/p>\n\n\n\n<p>-Dret a reclamar davant l&#8217;autoritat de control: T&#8217;informem del teu dret a presentar una reclamaci\u00f3 davant l&#8217;autoritat de control (AEPD \u2013 www.aepd.es) en el cas que no hagis vist satisfets l&#8217;exercici dels teus drets aqu\u00ed indicats.<\/p>\n\n\n\n<p>Per a exercir els citats drets pots posar-te en contacte amb nosaltres a trav\u00e9s del correu postal o electr\u00f2nic a les adreces indicades en l&#8217;apartat 1, identificant en la teva sol\u00b7licitud la seg\u00fcent informaci\u00f3:<\/p>\n\n\n\n<p>Dades del sol\u00b7licitant (nom i cognoms)<\/p>\n\n\n\n<p>Adre\u00e7a de contacte<\/p>\n\n\n\n<p>Dret que vol exercir<\/p>\n\n\n\n<p>Dades concretes sobre les quals formula la seva petici\u00f3<\/p>\n\n\n\n<p>En el termini m\u00e0xim d&#8217;un mes resoldrem la teva sol\u00b7licitud notificant-l&#8217;hi a trav\u00e9s del mateix mitj\u00e0 que hagis usat inicialment.<\/p>\n\n\n\n<p><strong>Quina seguretat aplica la Fundaci\u00f3 en el tractament de les teves dades?<\/strong><\/p>\n\n\n\n<p>Tenint en compte l&#8217;estat de la t\u00e8cnica, els costos d&#8217;aplicaci\u00f3, i la naturalesa, l&#8217;abast, el context i els fins del tractament, aix\u00ed com riscos de probabilitat i gravetat variables per als drets i llibertats de les persones f\u00edsiques, la Fundaci\u00f3 aplicar\u00e0 mesures t\u00e8cniques i organitzatives apropiades per a garantir un nivell de seguretat adequat al risc, que evitin la destrucci\u00f3, p\u00e8rdua o alteraci\u00f3 accidental o il\u00b7l\u00edcita de dades personals transmeses, conservades o tractades d&#8217;una altra forma, o la comunicaci\u00f3 o acc\u00e9s no autoritzats a aquestes dades.<\/p>\n","protected":false},"excerpt":{"rendered":"<p>INFORMACI\u00d3 SOBRE EL TRACTAMENT DE DADES PERSONALS Tant la privacitat de les dades com la confidencialitat de la informaci\u00f3 s\u00f3n aspectes importants per a la&hellip;<\/p>\n","protected":false},"author":1,"featured_media":0,"parent":0,"menu_order":0,"comment_status":"closed","ping_status":"closed","template":"","meta":{"_acf_changed":false,"footnotes":""},"class_list":["post-3901","page","type-page","status-publish","hentry"],"acf":[],"_links":{"self":[{"href":"https:\/\/areaalzheimer.fpmaragall.org\/ca\/wp-json\/wp\/v2\/pages\/3901","targetHints":{"allow":["GET"]}}],"collection":[{"href":"https:\/\/areaalzheimer.fpmaragall.org\/ca\/wp-json\/wp\/v2\/pages"}],"about":[{"href":"https:\/\/areaalzheimer.fpmaragall.org\/ca\/wp-json\/wp\/v2\/types\/page"}],"author":[{"embeddable":true,"href":"https:\/\/areaalzheimer.fpmaragall.org\/ca\/wp-json\/wp\/v2\/users\/1"}],"replies":[{"embeddable":true,"href":"https:\/\/areaalzheimer.fpmaragall.org\/ca\/wp-json\/wp\/v2\/comments?post=3901"}],"version-history":[{"count":11,"href":"https:\/\/areaalzheimer.fpmaragall.org\/ca\/wp-json\/wp\/v2\/pages\/3901\/revisions"}],"predecessor-version":[{"id":6383,"href":"https:\/\/areaalzheimer.fpmaragall.org\/ca\/wp-json\/wp\/v2\/pages\/3901\/revisions\/6383"}],"wp:attachment":[{"href":"https:\/\/areaalzheimer.fpmaragall.org\/ca\/wp-json\/wp\/v2\/media?parent=3901"}],"curies":[{"name":"wp","href":"https:\/\/api.w.org\/{rel}","templated":true}]}}