{"id":3903,"date":"2024-08-26T20:23:07","date_gmt":"2024-08-26T18:23:07","guid":{"rendered":"https:\/\/areaalzheimer.fpmaragall.org\/?page_id=3903"},"modified":"2024-08-29T18:41:28","modified_gmt":"2024-08-29T16:41:28","slug":"avis-legal","status":"publish","type":"page","link":"https:\/\/areaalzheimer.fpmaragall.org\/ca\/avis-legal\/","title":{"rendered":"Av\u00eds Legal"},"content":{"rendered":"\n<p>A l\u2019efecte de l\u2019article 10 de la Llei 34\/2002, d\u201911 de juliol, de serveis de la societat de la informaci\u00f3 i del comer\u00e7 electr\u00f2nic, s\u2019informa l\u2019usuari que el titular del lloc web, i tots els subdominis i seccions dependents, \u00e9s la Fundaci\u00f3 Privada Pasqual Maragall per a la Recerca sobre l\u2019Alzheimer (a partir d\u2019ara Fundaci\u00f3 Pasqual Maragall), amb domicili social al carrer Wellington, 30, de Barcelona (08005), prove\u00efda de NIF n\u00fam. G 64869290, amb adre\u00e7a web www.fpmaragall.org, i que es troba inscrita en el Registre de Fundacions de la Generalitat de Catalunya, amb n\u00famero 2478 en data 16\/09\/2008.<\/p>\n\n\n\n<p><strong>\u00das i servei del lloc web<\/strong><\/p>\n\n\n\n<p>L\u2019usuari pot triar en quin idioma (catal\u00e0, castell\u00e0 o angl\u00e8s) vol accedir als continguts del web, aix\u00ed com a la gesti\u00f3 de tots els serveis que s\u2019hi ofereixen.<\/p>\n\n\n\n<p>L\u2019usuari es compromet a fer un \u00fas diligent del lloc web i dels serveis accessibles i a no fer servir els serveis o informacions que s\u2019hi contenen per a desenvolupar activitats contr\u00e0ries a les lleis, a la moral i als bons costums, a l\u2019ordre p\u00fablic i, en general, a fer un \u00fas conforme a aquest av\u00eds legal.<\/p>\n\n\n\n<p>La Fundaci\u00f3 Pasqual Maragall pot interrompre temporalment o definitivament, segons el seu bon criteri, l\u2019acc\u00e9s al lloc web, aix\u00ed com la prestaci\u00f3 de qualsevol servei o de tots els que s\u2019hi presten, en qualsevol moment i sense previ av\u00eds.<\/p>\n\n\n\n<p><strong>Drets de propietat intel\u00b7lectual<\/strong><\/p>\n\n\n\n<p>La Fundaci\u00f3 Pasqual Maragall \u00e9s titular (o els seus llicenciants, en cas d\u2019existir-ne) dels drets de propietat intel\u00b7lectual i industrial de la totalitat dels continguts d\u2019aquest lloc web. En qualsevol cas, la Fundaci\u00f3 Pasqual Maragall disposa de l\u2019autoritzaci\u00f3 corresponent per donar l\u2019\u00fas que cregui convenient als seus continguts.<\/p>\n\n\n\n<p>Queda terminantment prohibida la reproducci\u00f3, excepte per a \u00fas privat, la posada a disposici\u00f3 del p\u00fablic i en general qualsevol altra forma d\u2019explotaci\u00f3 de tots dels continguts d\u2019aquest lloc web o d\u2019una part, aix\u00ed com el seu disseny. Aquests actes d\u2019explotaci\u00f3 nom\u00e9s es poden dur a terme mitjan\u00e7ant l\u2019autoritzaci\u00f3 expressa de la Fundaci\u00f3 Pasqual Maragall i sempre que es faci refer\u00e8ncia expl\u00edcita a la titularitat de la Fundaci\u00f3 Pasqual Maragall dels drets de propietat intel\u00b7lectual esmentats.<\/p>\n\n\n\n<p><strong>Enlla\u00e7os a tercers (links)<\/strong><\/p>\n\n\n\n<p>Aquesta web pot oferir diferents enlla\u00e7os amb altres p\u00e0gines web de tercers, el contingut dels quals pot variar, de manera r\u00e0pida, per les caracter\u00edstiques pr\u00f2pies d\u2019Internet. Per tant, la&nbsp;Fundaci\u00f3 Pasqual Maragall no es fa responsable de les informacions, serveis i contingut en general d\u2019aquestes p\u00e0gines web de tercers.<\/p>\n\n\n\n<p>Qualsevol p\u00e0gina externa a la qual s\u2019accedeixi des d\u2019aquesta p\u00e0gina \u00e9s independent i la Fundaci\u00f3 Pasqual Maragall no t\u00e9 cap control del contingut d\u2019aquesta p\u00e0gina. A m\u00e9s, un enlla\u00e7 amb qualsevol altra p\u00e0gina que no sigui de la&nbsp;Fundaci\u00f3 Pasqual Maragall no implica que aquesta recolzi o accepti cap responsabilitat pel seu contingut o \u00fas.<\/p>\n\n\n\n<p>En el cas que la&nbsp;Fundaci\u00f3 Pasqual Maragall tingu\u00e9s coneixement efectiu que l\u2019activitat o la informaci\u00f3 a la qual remeten aquests enlla\u00e7os \u00e9s il\u00b7l\u00edcita, constitutiva de delicte o que pot lesionar b\u00e9ns o drets de tercers susceptibles d\u2019indemnitzaci\u00f3, actuar\u00e0 amb la dilig\u00e8ncia necess\u00e0ria per a suprimir o inutilitzar l\u2019enlla\u00e7 corresponent com m\u00e9s aviat millor.<\/p>\n\n\n\n<p><strong>Limitacions de responsabilitat<\/strong><\/p>\n\n\n\n<p>La Fundaci\u00f3 Pasqual Maragall no garanteix a l\u2019usuari la disponibilitat, acc\u00e9s o continu\u00eftat en la connexi\u00f3 al lloc web i en el subministrament d\u2019informaci\u00f3 o qualsevol dels diferents serveis que s\u2019hi ofereixen. En conseq\u00fc\u00e8ncia, la Fundaci\u00f3 Pasqual Maragall i qualsevol possible prove\u00efdor de continguts no s\u00f3n responsables de les possibles interrupcions del servei, demores, mal funcionament i, en general, qualsevol inconvenient que tingui l\u2019origen en causes que escapen del control de la Fundaci\u00f3 Pasqual Maragall o els prove\u00efdors, o provingui d\u2019una actuaci\u00f3 dolosa o culposa de l\u2019usuari, o for\u00e7a major. La Fundaci\u00f3 Pasqual Maragall tampoc garanteix la utilitat, obtenci\u00f3 de resultats o infal\u00b7libilitat de tots els continguts facilitats a trav\u00e9s del lloc web, que en tot cas ho s\u00f3n amb car\u00e0cter orientatiu i informatiu. La informaci\u00f3 esmentada s\u2019ha obtingut de fonts considerades raonablement fiables, per\u00f2 no han de presumir-se infal\u00b7libles, i s\u2019han de contrastar, si escau, amb altres fonts abans d\u2019adoptar qualsevol estat d\u2019opini\u00f3 o decisi\u00f3 per part de l\u2019usuari. Totes les opinions, mesures o actuacions d\u2019inversi\u00f3 o de qualsevol altre tipus que siguin adoptades per l\u2019usuari, ho s\u00f3n al seu exclusiu compte i risc.<\/p>\n\n\n\n<p>La Fundaci\u00f3 Pasqual Maragall no assumeix cap responsabilitat derivada de la utilitzaci\u00f3 per part de l\u2019usuari dels continguts del lloc web, i es reserva el dret a modificar, substituir, actualitzar, renovar, impedir l\u2019acc\u00e9s, interrompre, bloquejar, suspendre temporalment o cancel\u00b7lar amb car\u00e0cter definitiu qualsevol servei, subministrament d\u2019informaci\u00f3 o qualsevol altre contingut, ja sigui amb relaci\u00f3 a un usuari concret o en general.<\/p>\n\n\n\n<p>Llevat que s\u2019estableixi expressament el contrari en cada cas, la Fundaci\u00f3 Pasqual Maragall no interv\u00e9, participa ni assumeix cap garantia amb relaci\u00f3 als serveis o productes oferts per tercers prove\u00efdors accessibles mitjan\u00e7ant enlla\u00e7os publicitaris.<\/p>\n\n\n\n<p><strong>Llei aplicable \u2013 Jurisdicci\u00f3<\/strong><\/p>\n\n\n\n<p>La resoluci\u00f3 de qualsevol controv\u00e8rsia o diverg\u00e8ncia relacionada amb les condicions d\u2019\u00fas del present lloc web es regir\u00e0 per la legislaci\u00f3 espanyola, sent exclusivament competents els Jutjats i Tribunals de la ciutat de Barcelona.<\/p>\n","protected":false},"excerpt":{"rendered":"<p>A l\u2019efecte de l\u2019article 10 de la Llei 34\/2002, d\u201911 de juliol, de serveis de la societat de la informaci\u00f3 i del comer\u00e7 electr\u00f2nic, s\u2019informa&hellip;<\/p>\n","protected":false},"author":1,"featured_media":0,"parent":0,"menu_order":0,"comment_status":"closed","ping_status":"closed","template":"","meta":{"_acf_changed":false,"footnotes":""},"class_list":["post-3903","page","type-page","status-publish","hentry"],"acf":[],"_links":{"self":[{"href":"https:\/\/areaalzheimer.fpmaragall.org\/ca\/wp-json\/wp\/v2\/pages\/3903","targetHints":{"allow":["GET"]}}],"collection":[{"href":"https:\/\/areaalzheimer.fpmaragall.org\/ca\/wp-json\/wp\/v2\/pages"}],"about":[{"href":"https:\/\/areaalzheimer.fpmaragall.org\/ca\/wp-json\/wp\/v2\/types\/page"}],"author":[{"embeddable":true,"href":"https:\/\/areaalzheimer.fpmaragall.org\/ca\/wp-json\/wp\/v2\/users\/1"}],"replies":[{"embeddable":true,"href":"https:\/\/areaalzheimer.fpmaragall.org\/ca\/wp-json\/wp\/v2\/comments?post=3903"}],"version-history":[{"count":1,"href":"https:\/\/areaalzheimer.fpmaragall.org\/ca\/wp-json\/wp\/v2\/pages\/3903\/revisions"}],"predecessor-version":[{"id":3904,"href":"https:\/\/areaalzheimer.fpmaragall.org\/ca\/wp-json\/wp\/v2\/pages\/3903\/revisions\/3904"}],"wp:attachment":[{"href":"https:\/\/areaalzheimer.fpmaragall.org\/ca\/wp-json\/wp\/v2\/media?parent=3903"}],"curies":[{"name":"wp","href":"https:\/\/api.w.org\/{rel}","templated":true}]}}